{"id":4210,"date":"2024-10-18T15:33:02","date_gmt":"2024-10-18T13:33:02","guid":{"rendered":"http:\/\/sp52.betulait.pl\/?page_id=4210"},"modified":"2025-08-20T19:16:43","modified_gmt":"2025-08-20T17:16:43","slug":"kazdy-uczen-jest-inny-edukacja-wlaczajaca-w-miescie-kwidzyn","status":"publish","type":"page","link":"https:\/\/sp5.kwidzyn.pl\/?page_id=4210","title":{"rendered":"Ka\u017cdy ucze\u0144 jest inny &#8211; edukacja w\u0142\u0105czaj\u0105ca w Mie\u015bcie Kwidzyn"},"content":{"rendered":"\t\t<div data-elementor-type=\"wp-page\" data-elementor-id=\"4210\" class=\"elementor elementor-4210\" data-elementor-post-type=\"page\">\n\t\t\t\t<div class=\"elementor-element elementor-element-f2eb167 e-con-full e-flex wpr-particle-no wpr-jarallax-no wpr-parallax-no wpr-sticky-section-no e-con e-parent\" data-id=\"f2eb167\" data-element_type=\"container\" data-e-type=\"container\" data-settings=\"{&quot;background_background&quot;:&quot;classic&quot;}\">\n\t\t\t\t<div class=\"elementor-element elementor-element-6d2d05d elementor-widget elementor-widget-html\" data-id=\"6d2d05d\" data-element_type=\"widget\" data-e-type=\"widget\" data-widget_type=\"html.default\">\n\t\t\t\t<div class=\"elementor-widget-container\">\n\t\t\t\t\t<nav aria-label=\"breadcrumbs\" class=\"rank-math-breadcrumb\"><p><span class=\"last\">Strona g\u0142\u00f3wna<\/span><\/p><\/nav>\t\t\t\t<\/div>\n\t\t\t\t<\/div>\n\t\t\t\t<\/div>\n\t\t<div class=\"elementor-element elementor-element-0d7e7f0 e-flex e-con-boxed wpr-particle-no wpr-jarallax-no wpr-parallax-no wpr-sticky-section-no e-con e-parent\" data-id=\"0d7e7f0\" data-element_type=\"container\" data-e-type=\"container\">\n\t\t\t\t\t<div class=\"e-con-inner\">\n\t\t\t\t\t<\/div>\n\t\t\t\t<\/div>\n\t\t<div class=\"elementor-element elementor-element-275116c e-flex e-con-boxed wpr-particle-no wpr-jarallax-no wpr-parallax-no wpr-sticky-section-no e-con e-parent\" data-id=\"275116c\" data-element_type=\"container\" data-e-type=\"container\">\n\t\t\t\t\t<div class=\"e-con-inner\">\n\t\t\t\t<div class=\"elementor-element elementor-element-c6a55c2 elementor-widget elementor-widget-image\" data-id=\"c6a55c2\" data-element_type=\"widget\" data-e-type=\"widget\" data-widget_type=\"image.default\">\n\t\t\t\t<div class=\"elementor-widget-container\">\n\t\t\t\t\t\t\t\t\t\t\t\t\t\t\t<img decoding=\"async\" width=\"609\" height=\"60\" src=\"https:\/\/sp5.kwidzyn.pl\/wp-content\/uploads\/2024\/10\/baner.jpg\" class=\"attachment-large size-large wp-image-4218\" alt=\"\" srcset=\"https:\/\/sp5.kwidzyn.pl\/wp-content\/uploads\/2024\/10\/baner.jpg 609w, https:\/\/sp5.kwidzyn.pl\/wp-content\/uploads\/2024\/10\/baner-300x30.jpg 300w\" sizes=\"(max-width: 609px) 100vw, 609px\" \/>\t\t\t\t\t\t\t\t\t\t\t\t\t\t\t<\/div>\n\t\t\t\t<\/div>\n\t\t\t\t\t<\/div>\n\t\t\t\t<\/div>\n\t\t<div class=\"elementor-element elementor-element-d8e44a4 e-flex e-con-boxed wpr-particle-no wpr-jarallax-no wpr-parallax-no wpr-sticky-section-no e-con e-parent\" data-id=\"d8e44a4\" data-element_type=\"container\" data-e-type=\"container\">\n\t\t\t\t\t<div class=\"e-con-inner\">\n\t\t<div class=\"elementor-element elementor-element-0c9d52a e-con-full e-flex wpr-particle-no wpr-jarallax-no wpr-parallax-no wpr-sticky-section-no e-con e-child\" data-id=\"0c9d52a\" data-element_type=\"container\" data-e-type=\"container\">\n\t\t\t\t<div class=\"elementor-element elementor-element-0d4175b elementor-widget elementor-widget-text-editor\" data-id=\"0d4175b\" data-element_type=\"widget\" data-e-type=\"widget\" data-widget_type=\"text-editor.default\">\n\t\t\t\t<div class=\"elementor-widget-container\">\n\t\t\t\t\t\t\t\t\t<p>Miasto Kwidzyn otrzyma\u0142o dofinansowanie na projekt pn. \u201eKa\u017cdy ucze\u0144 jest inny- edukacja w\u0142\u0105czaj\u0105ca w Mie\u015bcie Kwidzyn\u201d. Celem projektu jest wdro\u017cenie modelu edukacji w\u0142\u0105czaj\u0105cej w szko\u0142ach og\u00f3lnodost\u0119pnych prowadzonych przez Miasto Kwidzyn tj. SP 2, SP 4, SP 5, SP 6 oraz Szko\u0142a Podstawowa z Oddzia\u0142ami Mistrzostwa Sportowego (SPOMS). W ramach projektu zostanie zrealizowane m.in.:<\/p><ul><li>przeprowadzenie prac adaptacyjno \u2013 remontowych sal do integracji sensorycznej;<\/li><li>budowa podjazdu dla os\u00f3b niepe\u0142nosprawnych przy Szkole Podstawowej z Oddzia\u0142ami Mistrzostwa Sportowego;<\/li><li>doposa\u017cenie w szko\u0142ach klas integracyjnych i gabinet\u00f3w specjalistycznych poprzez zakup monitor\u00f3w interaktywnych\/ multimedialnych;<\/li><li>zakup sprz\u0119tu na warsztaty z kompetencji cyfrowych;<\/li><li>zakup pomocy dydaktycznych na zaj\u0119cia (np. z socjoterapii, Mindfulness, Treningu Umiej\u0119tno\u015bci Spo\u0142ecznych, integracja sensoryczna , arteterapia itp.)<\/li><li>podniesienie kompetencji kadry szk\u00f3\u0142 m.in.: szkolenia dla nauczycieli (w zakresie np. mediacje r\u00f3wie\u015bnicze, neurodydaktyka, praca z uczniem, techniki uwa\u017cno\u015bci) oraz studia podyplomowe dla 15 nauczycieli (w zakresie spektrum autyzmu i integracji sensorycznej).<\/li><\/ul>\t\t\t\t\t\t\t\t<\/div>\n\t\t\t\t<\/div>\n\t\t\t\t<\/div>\n\t\t<div class=\"elementor-element elementor-element-e10065c e-con-full e-flex wpr-particle-no wpr-jarallax-no wpr-parallax-no wpr-sticky-section-no e-con e-child\" data-id=\"e10065c\" data-element_type=\"container\" data-e-type=\"container\" data-settings=\"{&quot;background_background&quot;:&quot;classic&quot;}\">\n\t\t\t\t<div class=\"elementor-element elementor-element-44ec95f elementor-widget elementor-widget-image\" data-id=\"44ec95f\" data-element_type=\"widget\" data-e-type=\"widget\" data-widget_type=\"image.default\">\n\t\t\t\t<div class=\"elementor-widget-container\">\n\t\t\t\t\t\t\t\t\t\t\t\t\t\t\t<img fetchpriority=\"high\" decoding=\"async\" width=\"724\" height=\"1024\" src=\"https:\/\/sp5.kwidzyn.pl\/wp-content\/uploads\/2024\/10\/Kazdy-uczen-jest-inny-edukacja-wlaczajaca-w-Miescie-Kwidzyn-3-1-724x1024.png\" class=\"attachment-large size-large wp-image-4209\" alt=\"\" srcset=\"https:\/\/sp5.kwidzyn.pl\/wp-content\/uploads\/2024\/10\/Kazdy-uczen-jest-inny-edukacja-wlaczajaca-w-Miescie-Kwidzyn-3-1-724x1024.png 724w, https:\/\/sp5.kwidzyn.pl\/wp-content\/uploads\/2024\/10\/Kazdy-uczen-jest-inny-edukacja-wlaczajaca-w-Miescie-Kwidzyn-3-1-212x300.png 212w, https:\/\/sp5.kwidzyn.pl\/wp-content\/uploads\/2024\/10\/Kazdy-uczen-jest-inny-edukacja-wlaczajaca-w-Miescie-Kwidzyn-3-1-768x1086.png 768w, https:\/\/sp5.kwidzyn.pl\/wp-content\/uploads\/2024\/10\/Kazdy-uczen-jest-inny-edukacja-wlaczajaca-w-Miescie-Kwidzyn-3-1-1086x1536.png 1086w, https:\/\/sp5.kwidzyn.pl\/wp-content\/uploads\/2024\/10\/Kazdy-uczen-jest-inny-edukacja-wlaczajaca-w-Miescie-Kwidzyn-3-1-1448x2048.png 1448w, https:\/\/sp5.kwidzyn.pl\/wp-content\/uploads\/2024\/10\/Kazdy-uczen-jest-inny-edukacja-wlaczajaca-w-Miescie-Kwidzyn-3-1.png 1587w\" sizes=\"(max-width: 724px) 100vw, 724px\" \/>\t\t\t\t\t\t\t\t\t\t\t\t\t\t\t<\/div>\n\t\t\t\t<\/div>\n\t\t\t\t<\/div>\n\t\t\t\t\t<\/div>\n\t\t\t\t<\/div>\n\t\t<div class=\"elementor-element elementor-element-cc4593f e-flex e-con-boxed wpr-particle-no wpr-jarallax-no wpr-parallax-no wpr-sticky-section-no e-con e-parent\" data-id=\"cc4593f\" data-element_type=\"container\" data-e-type=\"container\">\n\t\t\t\t\t<div class=\"e-con-inner\">\n\t\t<div class=\"elementor-element elementor-element-7851aff e-con-full e-flex wpr-particle-no wpr-jarallax-no wpr-parallax-no wpr-sticky-section-no e-con e-child\" data-id=\"7851aff\" data-element_type=\"container\" data-e-type=\"container\">\n\t\t\t\t<div class=\"elementor-element elementor-element-8a653c7 elementor-widget elementor-widget-text-editor\" data-id=\"8a653c7\" data-element_type=\"widget\" data-e-type=\"widget\" data-widget_type=\"text-editor.default\">\n\t\t\t\t<div class=\"elementor-widget-container\">\n\t\t\t\t\t\t\t\t\t<p>Efektem projektu b\u0119dzie wdro\u017cenie modelu edukacji w\u0142\u0105czaj\u0105cej, stworzenie zaplecza do jej realizacji, podniesienie kompetencji z zakresu edukacji w\u0142\u0105czaj\u0105cej nauczycieli i dyrektor\u00f3w szk\u00f3\u0142, zwi\u0119kszenie r\u00f3\u017cnorodno\u015bci zaj\u0119\u0107 i indywidualnego wsparcia dla uczni\u00f3w oraz ich rodzic\u00f3w\/opiekun\u00f3w prawnych. Dodatkowo projekt wp\u0142ynie na integracj\u0119 dzieci z otoczeniem, budowanie relacji w grupach r\u00f3wie\u015bniczych oraz usuwanie wszelkich przeszk\u00f3d utrudniaj\u0105cych wsp\u00f3lne uczenie si\u0119 wszystkich dzieci.<\/p><p>Dofinansowanie projektu z UE: 7 345 075,10 z\u0142<\/p><p>#FUNDUSZE UE<\/p>\t\t\t\t\t\t\t\t<\/div>\n\t\t\t\t<\/div>\n\t\t\t\t<div class=\"elementor-element elementor-element-1654f0a e-transform elementor-widget elementor-widget-image\" data-id=\"1654f0a\" data-element_type=\"widget\" data-e-type=\"widget\" data-settings=\"{&quot;_transform_scale_effect&quot;:{&quot;unit&quot;:&quot;px&quot;,&quot;size&quot;:&quot;&quot;,&quot;sizes&quot;:[]},&quot;_transform_scale_effect_tablet&quot;:{&quot;unit&quot;:&quot;px&quot;,&quot;size&quot;:&quot;&quot;,&quot;sizes&quot;:[]},&quot;_transform_scale_effect_mobile&quot;:{&quot;unit&quot;:&quot;px&quot;,&quot;size&quot;:&quot;&quot;,&quot;sizes&quot;:[]}}\" data-widget_type=\"image.default\">\n\t\t\t\t<div class=\"elementor-widget-container\">\n\t\t\t\t\t\t\t\t\t\t\t\t\t\t\t\t<a href=\"https:\/\/kwidzyn.pl\/kazdy-uczen-jest-inny-41384\/\" target=\"_blank\" rel=\"noopener\">\n\t\t\t\t\t\t\t<img decoding=\"async\" width=\"272\" height=\"84\" src=\"https:\/\/sp5.kwidzyn.pl\/wp-content\/uploads\/2024\/10\/kwidzyn-logo-hor-b-trans-01-272.png\" class=\"elementor-animation-grow attachment-large size-large wp-image-4226\" alt=\"\" \/>\t\t\t\t\t\t\t\t<\/a>\n\t\t\t\t\t\t\t\t\t\t\t\t\t\t\t<\/div>\n\t\t\t\t<\/div>\n\t\t\t\t<div class=\"elementor-element elementor-element-a0c8b90 elementor-widget elementor-widget-text-editor\" data-id=\"a0c8b90\" data-element_type=\"widget\" data-e-type=\"widget\" data-widget_type=\"text-editor.default\">\n\t\t\t\t<div class=\"elementor-widget-container\">\n\t\t\t\t\t\t\t\t\t<p><strong>Niezb\u0119dne dokumenty do pobrania poni\u017cej<\/strong><\/p>\t\t\t\t\t\t\t\t<\/div>\n\t\t\t\t<\/div>\n\t\t\t\t<div class=\"elementor-element elementor-element-30c8588 wpr-page-list-vertical wpr-pl-badge-center wpr-pl-icon-center elementor-widget elementor-widget-wpr-page-list\" data-id=\"30c8588\" data-element_type=\"widget\" data-e-type=\"widget\" data-widget_type=\"wpr-page-list.default\">\n\t\t\t\t<div class=\"elementor-widget-container\">\n\t\t\t\t\t<div class=\"wpr-page-list-wrap\"><ul class=\"wpr-page-list\"><li class=\"wpr-page-list-item elementor-repeater-item-e004cd9 wpr-pointer-none wpr-pointer-line-fx wpr-pointer-fx-fade\"><div><a href=\"https:\/\/sp5.kwidzyn.pl\/wp-content\/uploads\/2025\/08\/Regulamin-naboru-dzieci.pdf\" rel=\"nofollow\" class=\"wpr-no-pointer wpr-pl-title\">Regulamin naboru dzieci<\/a><\/div><\/li><li class=\"wpr-page-list-item elementor-repeater-item-1d02f1e wpr-pointer-none wpr-pointer-line-fx wpr-pointer-fx-fade\"><div><a href=\"https:\/\/sp5.kwidzyn.pl\/wp-content\/uploads\/2025\/08\/Regulamin-naboru-rodzice.pdf\" rel=\"nofollow\" class=\"wpr-no-pointer wpr-pl-title\">Regulamin naboru rodzic\u00f3w<\/a><\/div><\/li><li class=\"wpr-page-list-item elementor-repeater-item-de62048 wpr-pointer-none wpr-pointer-line-fx wpr-pointer-fx-fade\"><div><a href=\"https:\/\/sp5.kwidzyn.pl\/wp-content\/uploads\/2025\/08\/Formularz-zgloszeniowy-dzieci.pdf\" rel=\"nofollow\" class=\"wpr-no-pointer wpr-pl-title\">Formularz zg\u0142oszeniowy dzieci<\/a><\/div><\/li><li class=\"wpr-page-list-item elementor-repeater-item-0d79299 wpr-pointer-none wpr-pointer-line-fx wpr-pointer-fx-fade\"><div><a href=\"https:\/\/sp5.kwidzyn.pl\/wp-content\/uploads\/2025\/08\/Formularz-zgloszeniowy-dla-rodzica.pdf\" rel=\"nofollow\" class=\"wpr-no-pointer wpr-pl-title\">Formularz zg\u0142oszeniowy rodzice<\/a><\/div><\/li><li class=\"wpr-page-list-item elementor-repeater-item-ef2ce82 wpr-pointer-none wpr-pointer-line-fx wpr-pointer-fx-fade\"><div><a href=\"https:\/\/sp5.kwidzyn.pl\/wp-content\/uploads\/2025\/08\/Klauzula-RODO-Projekt.pdf\" rel=\"nofollow\" class=\"wpr-no-pointer wpr-pl-title\">Klauzula RODO<\/a><\/div><\/li><\/ul><\/div>\t\t\t\t<\/div>\n\t\t\t\t<\/div>\n\t\t\t\t<\/div>\n\t\t<div class=\"elementor-element elementor-element-91caaf6 e-con-full e-flex wpr-particle-no wpr-jarallax-no wpr-parallax-no wpr-sticky-section-no e-con e-child\" data-id=\"91caaf6\" data-element_type=\"container\" data-e-type=\"container\" data-settings=\"{&quot;background_background&quot;:&quot;classic&quot;}\">\n\t\t\t\t<\/div>\n\t\t\t\t\t<\/div>\n\t\t\t\t<\/div>\n\t\t<div class=\"elementor-element elementor-element-3cbcf43 e-flex e-con-boxed wpr-particle-no wpr-jarallax-no wpr-parallax-no wpr-sticky-section-no e-con e-parent\" data-id=\"3cbcf43\" data-element_type=\"container\" data-e-type=\"container\">\n\t\t\t\t\t<div class=\"e-con-inner\">\n\t\t\t\t<div class=\"elementor-element elementor-element-f45134a e-transform e-transform elementor-widget elementor-widget-heading\" data-id=\"f45134a\" data-element_type=\"widget\" data-e-type=\"widget\" data-settings=\"{&quot;motion_fx_motion_fx_mouse&quot;:&quot;yes&quot;,&quot;_transform_scale_effect_hover&quot;:{&quot;unit&quot;:&quot;px&quot;,&quot;size&quot;:1.1,&quot;sizes&quot;:[]},&quot;_transform_scale_effect&quot;:{&quot;unit&quot;:&quot;px&quot;,&quot;size&quot;:&quot;&quot;,&quot;sizes&quot;:[]},&quot;_transform_scale_effect_tablet&quot;:{&quot;unit&quot;:&quot;px&quot;,&quot;size&quot;:&quot;&quot;,&quot;sizes&quot;:[]},&quot;_transform_scale_effect_mobile&quot;:{&quot;unit&quot;:&quot;px&quot;,&quot;size&quot;:&quot;&quot;,&quot;sizes&quot;:[]},&quot;_transform_scale_effect_hover_tablet&quot;:{&quot;unit&quot;:&quot;px&quot;,&quot;size&quot;:&quot;&quot;,&quot;sizes&quot;:[]},&quot;_transform_scale_effect_hover_mobile&quot;:{&quot;unit&quot;:&quot;px&quot;,&quot;size&quot;:&quot;&quot;,&quot;sizes&quot;:[]}}\" data-widget_type=\"heading.default\">\n\t\t\t\t<div class=\"elementor-widget-container\">\n\t\t\t\t\t<h2 class=\"elementor-heading-title elementor-size-default\">Nab\u00f3r do projektu nie zako\u0144czy\u0142 si\u0119. Odbywa si\u0119 na bie\u017c\u0105co.<\/h2>\t\t\t\t<\/div>\n\t\t\t\t<\/div>\n\t\t\t\t\t<\/div>\n\t\t\t\t<\/div>\n\t\t\t\t<\/div>\n\t\t","protected":false},"excerpt":{"rendered":"<p>Miasto Kwidzyn otrzyma\u0142o dofinansowanie na projekt pn. \u201eKa\u017cdy ucze\u0144 jest inny- edukacja w\u0142\u0105czaj\u0105ca w Mie\u015bcie Kwidzyn\u201d. Celem projektu jest wdro\u017cenie modelu edukacji w\u0142\u0105czaj\u0105cej w szko\u0142ach og\u00f3lnodost\u0119pnych prowadzonych przez Miasto Kwidzyn tj. SP 2, SP 4, SP 5, SP 6 oraz Szko\u0142a Podstawowa z Oddzia\u0142ami Mistrzostwa Sportowego (SPOMS). W ramach projektu zostanie zrealizowane m.in.: przeprowadzenie prac adaptacyjno \u2013 remontowych sal do integracji sensorycznej; budowa podjazdu dla os\u00f3b niepe\u0142nosprawnych przy Szkole Podstawowej z Oddzia\u0142ami Mistrzostwa Sportowego; doposa\u017cenie w szko\u0142ach klas integracyjnych i gabinet\u00f3w specjalistycznych poprzez zakup monitor\u00f3w interaktywnych\/ multimedialnych; zakup sprz\u0119tu na warsztaty z kompetencji cyfrowych; zakup pomocy dydaktycznych na zaj\u0119cia (np. z socjoterapii, Mindfulness, Treningu Umiej\u0119tno\u015bci Spo\u0142ecznych, integracja sensoryczna , arteterapia itp.) podniesienie kompetencji kadry szk\u00f3\u0142 m.in.: szkolenia dla nauczycieli (w zakresie np. mediacje r\u00f3wie\u015bnicze, neurodydaktyka, praca z uczniem, techniki uwa\u017cno\u015bci) oraz studia podyplomowe dla 15 nauczycieli (w zakresie spektrum autyzmu i integracji sensorycznej). Efektem projektu b\u0119dzie wdro\u017cenie modelu edukacji w\u0142\u0105czaj\u0105cej, stworzenie zaplecza do jej realizacji, podniesienie kompetencji z zakresu edukacji w\u0142\u0105czaj\u0105cej nauczycieli i dyrektor\u00f3w szk\u00f3\u0142, zwi\u0119kszenie r\u00f3\u017cnorodno\u015bci zaj\u0119\u0107 i indywidualnego wsparcia dla uczni\u00f3w oraz ich rodzic\u00f3w\/opiekun\u00f3w prawnych. Dodatkowo projekt wp\u0142ynie na integracj\u0119 dzieci z otoczeniem, budowanie relacji w grupach r\u00f3wie\u015bniczych oraz usuwanie wszelkich przeszk\u00f3d utrudniaj\u0105cych wsp\u00f3lne uczenie si\u0119 wszystkich dzieci. Dofinansowanie projektu z UE: 7 345 075,10 z\u0142 #FUNDUSZE UE Niezb\u0119dne dokumenty do pobrania poni\u017cej Regulamin naboru dzieci Regulamin naboru rodzic\u00f3w Formularz zg\u0142oszeniowy dzieci Formularz zg\u0142oszeniowy rodzice Klauzula RODO Nab\u00f3r do projektu nie zako\u0144czy\u0142 si\u0119. Odbywa si\u0119 na bie\u017c\u0105co.<\/p>\n","protected":false},"author":9,"featured_media":0,"parent":0,"menu_order":0,"comment_status":"closed","ping_status":"closed","template":"","meta":{"footnotes":""},"class_list":["post-4210","page","type-page","status-publish","hentry"],"acf":[],"_links":{"self":[{"href":"https:\/\/sp5.kwidzyn.pl\/index.php?rest_route=\/wp\/v2\/pages\/4210","targetHints":{"allow":["GET"]}}],"collection":[{"href":"https:\/\/sp5.kwidzyn.pl\/index.php?rest_route=\/wp\/v2\/pages"}],"about":[{"href":"https:\/\/sp5.kwidzyn.pl\/index.php?rest_route=\/wp\/v2\/types\/page"}],"author":[{"embeddable":true,"href":"https:\/\/sp5.kwidzyn.pl\/index.php?rest_route=\/wp\/v2\/users\/9"}],"replies":[{"embeddable":true,"href":"https:\/\/sp5.kwidzyn.pl\/index.php?rest_route=%2Fwp%2Fv2%2Fcomments&post=4210"}],"version-history":[{"count":51,"href":"https:\/\/sp5.kwidzyn.pl\/index.php?rest_route=\/wp\/v2\/pages\/4210\/revisions"}],"predecessor-version":[{"id":5414,"href":"https:\/\/sp5.kwidzyn.pl\/index.php?rest_route=\/wp\/v2\/pages\/4210\/revisions\/5414"}],"wp:attachment":[{"href":"https:\/\/sp5.kwidzyn.pl\/index.php?rest_route=%2Fwp%2Fv2%2Fmedia&parent=4210"}],"curies":[{"name":"wp","href":"https:\/\/api.w.org\/{rel}","templated":true}]}}